{"id":8219,"date":"2024-02-26T14:36:47","date_gmt":"2024-02-26T13:36:47","guid":{"rendered":"https:\/\/www.les-gites-de-sylvie.com\/?page_id=8219"},"modified":"2024-02-26T14:49:59","modified_gmt":"2024-02-26T13:49:59","slug":"les-visites-culturelles","status":"publish","type":"page","link":"https:\/\/www.les-gites-de-sylvie.com\/index.php\/les-visites-culturelles\/","title":{"rendered":"Les visites culturelles"},"content":{"rendered":"<p>[et_pb_section fb_built=\u00a0\u00bb1&Prime; bg_img_2=\u00a0\u00bbhttps:\/\/www.les-gites-de-sylvie.com\/wp-content\/uploads\/2023\/12\/resort-02.jpg\u00a0\u00bb use_background_color_gradient_2=\u00a0\u00bboff\u00a0\u00bb background_color_gradient_direction_2=\u00a0\u00bb105deg\u00a0\u00bb background_color_gradient_stops_2=\u00a0\u00bbrgba(255,255,255,0.65) 0%|rgba(255,255,255,0) 76%\u00a0\u00bb background_color_gradient_start_2=\u00a0\u00bbrgba(255,255,255,0.65)\u00a0\u00bb background_color_gradient_end_2=\u00a0\u00bbrgba(255,255,255,0)\u00a0\u00bb background_color_gradient_start_position_2=\u00a0\u00bb0%\u00a0\u00bb background_color_gradient_end_position_2=\u00a0\u00bb76%\u00a0\u00bb background_color_gradient_overlays_image_2=\u00a0\u00bbon\u00a0\u00bb admin_label=\u00a0\u00bbHeader\u00a0\u00bb _builder_version=\u00a0\u00bb4.24.2&Prime; background_color=\u00a0\u00bbrgba(12,113,195,0.08)\u00a0\u00bb background_image=\u00a0\u00bbhttps:\/\/www.les-gites-de-sylvie.com\/wp-content\/uploads\/2024\/02\/a-thomasguillin.webp\u00a0\u00bb custom_padding=\u00a0\u00bb8vw|0px|0|0px|false|false\u00a0\u00bb locked=\u00a0\u00bboff\u00a0\u00bb global_colors_info=\u00a0\u00bb{}\u00a0\u00bb][et_pb_row _builder_version=\u00a0\u00bb4.23.1&Prime; background_color=\u00a0\u00bbRGBA(255,255,255,0)\u00a0\u00bb max_width=\u00a0\u00bb1160px\u00a0\u00bb custom_padding=\u00a0\u00bb|40px||40px||true\u00a0\u00bb use_custom_width=\u00a0\u00bbon\u00a0\u00bb custom_width_px=\u00a0\u00bb1160px\u00a0\u00bb global_colors_info=\u00a0\u00bb{}\u00a0\u00bb][et_pb_column type=\u00a0\u00bb4_4&Prime; _builder_version=\u00a0\u00bb4.16&Prime; custom_padding=\u00a0\u00bb|||\u00a0\u00bb global_colors_info=\u00a0\u00bb{}\u00a0\u00bb custom_padding__hover=\u00a0\u00bb|||\u00a0\u00bb][et_pb_text _builder_version=\u00a0\u00bb4.24.0&Prime; text_font=\u00a0\u00bbOpen Sans||||||||\u00a0\u00bb text_line_height=\u00a0\u00bb2em\u00a0\u00bb header_font=\u00a0\u00bbGilda Display||||||||\u00a0\u00bb header_text_align=\u00a0\u00bbleft\u00a0\u00bb header_text_color=\u00a0\u00bb#af3862&Prime; header_font_size=\u00a0\u00bb7vw\u00a0\u00bb header_line_height=\u00a0\u00bb1.5em\u00a0\u00bb header_2_font=\u00a0\u00bb|700||on|||||\u00a0\u00bb header_2_font_size=\u00a0\u00bb16px\u00a0\u00bb header_2_letter_spacing=\u00a0\u00bb6px\u00a0\u00bb header_2_line_height=\u00a0\u00bb2em\u00a0\u00bb header_3_font=\u00a0\u00bb||||||||\u00a0\u00bb max_width=\u00a0\u00bb700px\u00a0\u00bb custom_margin_tablet=\u00a0\u00bb0vw||20px\u00a0\u00bb header_font_size_tablet=\u00a0\u00bb10vw\u00a0\u00bb header_font_size_phone=\u00a0\u00bb\u00a0\u00bb header_font_size_last_edited=\u00a0\u00bbon|desktop\u00a0\u00bb header_2_font_size_tablet=\u00a0\u00bb\u00a0\u00bb header_2_font_size_phone=\u00a0\u00bb12px\u00a0\u00bb header_2_font_size_last_edited=\u00a0\u00bbon|phone\u00a0\u00bb header_text_shadow_style=\u00a0\u00bbpreset3&Prime; header_text_shadow_vertical_length=\u00a0\u00bb0.03em\u00a0\u00bb header_text_shadow_color=\u00a0\u00bb#ffffff\u00a0\u00bb locked=\u00a0\u00bboff\u00a0\u00bb global_colors_info=\u00a0\u00bb{}\u00a0\u00bb header_3_font_size__hover=\u00a0\u00bb22px\u00a0\u00bb header_3_font_size__hover_enabled=\u00a0\u00bb22px\u00a0\u00bb header_3_letter_spacing__hover=\u00a0\u00bb0px\u00a0\u00bb header_3_letter_spacing__hover_enabled=\u00a0\u00bb0px\u00a0\u00bb header_3_line_height__hover=\u00a0\u00bb1em\u00a0\u00bb header_3_line_height__hover_enabled=\u00a0\u00bb1em\u00a0\u00bb header_3_text_shadow_style__hover=\u00a0\u00bbnone\u00a0\u00bb header_3_text_shadow_style__hover_enabled=\u00a0\u00bbnone\u00a0\u00bb header_3_text_shadow_color__hover=\u00a0\u00bbrgba(0,0,0,0.4)\u00a0\u00bb header_3_text_shadow_color__hover_enabled=\u00a0\u00bbrgba(0,0,0,0.4)\u00a0\u00bb]<\/p>\n<h1><span style=\"color: rgba(255, 255, 255, 0.78);\"><strong>Les visites culturelles<\/strong><\/span><\/h1>\n<p>[\/et_pb_text][\/et_pb_column][\/et_pb_row][\/et_pb_section][et_pb_section fb_built=\u00a0\u00bb1&Prime; admin_label=\u00a0\u00bbOffers\u00a0\u00bb _builder_version=\u00a0\u00bb4.24.2&Prime; custom_padding=\u00a0\u00bb||||false|false\u00a0\u00bb global_colors_info=\u00a0\u00bb{}\u00a0\u00bb][et_pb_row _builder_version=\u00a0\u00bb4.23.1&Prime; _module_preset=\u00a0\u00bbdefault\u00a0\u00bb global_colors_info=\u00a0\u00bb{}\u00a0\u00bb][et_pb_column type=\u00a0\u00bb4_4&Prime; _builder_version=\u00a0\u00bb4.23.1&Prime; _module_preset=\u00a0\u00bbdefault\u00a0\u00bb global_colors_info=\u00a0\u00bb{}\u00a0\u00bb][et_pb_text _builder_version=\u00a0\u00bb4.24.2&Prime; _module_preset=\u00a0\u00bbdefault\u00a0\u00bb text_font=\u00a0\u00bbAdamina||||||||\u00a0\u00bb text_text_color=\u00a0\u00bb#c37691&Prime; header_font=\u00a0\u00bbGilda Display|700||on|||||\u00a0\u00bb header_text_align=\u00a0\u00bbcenter\u00a0\u00bb header_text_color=\u00a0\u00bb#a2335a\u00a0\u00bb header_font_size=\u00a0\u00bb32px\u00a0\u00bb header_letter_spacing=\u00a0\u00bb1px\u00a0\u00bb header_2_font=\u00a0\u00bbGilda Display||||||||\u00a0\u00bb global_colors_info=\u00a0\u00bb{}\u00a0\u00bb]<\/p>\n<h1>VISITES CULTURELLES EN Ari\u00e8ge<\/h1>\n<p>[\/et_pb_text][et_pb_text _builder_version=\u00a0\u00bb4.24.2&Prime; _module_preset=\u00a0\u00bbdefault\u00a0\u00bb text_font=\u00a0\u00bbArimo||||||||\u00a0\u00bb text_text_color=\u00a0\u00bb#834624&Prime; text_font_size=\u00a0\u00bb16px\u00a0\u00bb text_orientation=\u00a0\u00bbcenter\u00a0\u00bb global_colors_info=\u00a0\u00bb{}\u00a0\u00bb]<\/p>\n<div id=\"summary\" class=\"\" data-et-view=\"\">\n<div id=\"property_description_content\" data-et-view=\"THHSODPNGZfSeUePXIYEZFeSTUNQcfAHHaNWe:1 \">\n<div data-capla-component-boundary=\"b-property-web-property-page\/PropertyDescriptionDesktop\"><\/div>\n<\/div>\n<\/div>\n<p>Bienvenue en Ari\u00e8ge, un v\u00e9ritable tr\u00e9sor de visites culturelles, nich\u00e9 au c\u0153ur des Pyr\u00e9n\u00e9es ! Explorez un monde o\u00f9 l&rsquo;histoire se m\u00eale \u00e0 la beaut\u00e9 naturelle, o\u00f9 chaque coin r\u00e9v\u00e8le une nouvelle histoire fascinante \u00e0 d\u00e9couvrir.<\/p>\n<p>Commencez votre p\u00e9riple par la majestueuse grotte de Niaux, o\u00f9 les peintures rupestres datant de milliers d&rsquo;ann\u00e9es vous transportent dans le pass\u00e9 pr\u00e9historique de la r\u00e9gion. Ensuite, laissez-vous \u00e9merveiller par le ch\u00e2teau de Foix, symbole de la puissance m\u00e9di\u00e9vale, perch\u00e9 sur son \u00e9peron rocheux et offrant une vue imprenable sur la vall\u00e9e.<\/p>\n<p>[\/et_pb_text][\/et_pb_column][\/et_pb_row][et_pb_row column_structure=\u00a0\u00bb1_2,1_2&Prime; make_equal=\u00a0\u00bbon\u00a0\u00bb _builder_version=\u00a0\u00bb4.24.2&Prime; custom_padding=\u00a0\u00bb27px|0px|0|0px|false|false\u00a0\u00bb locked=\u00a0\u00bboff\u00a0\u00bb global_colors_info=\u00a0\u00bb{}\u00a0\u00bb][et_pb_column type=\u00a0\u00bb1_2&Prime; _builder_version=\u00a0\u00bb4.24.2&Prime; use_background_color_gradient=\u00a0\u00bbon\u00a0\u00bb background_color_gradient_stops=\u00a0\u00bbrgba(130,130,130,0.77) 0%|rgba(34,43,58,0.73) 100%\u00a0\u00bb background_color_gradient_start=\u00a0\u00bbrgba(130,130,130,0.77)\u00a0\u00bb background_color_gradient_end=\u00a0\u00bbrgba(34,43,58,0.73)\u00a0\u00bb background_image=\u00a0\u00bbhttps:\/\/www.les-gites-de-sylvie.com\/wp-content\/uploads\/2021\/09\/Grotte-de-Niaux.png\u00a0\u00bb custom_padding=\u00a0\u00bb|||\u00a0\u00bb border_radii=\u00a0\u00bbon|10px|10px|10px|10px\u00a0\u00bb global_colors_info=\u00a0\u00bb{}\u00a0\u00bb custom_padding__hover=\u00a0\u00bb|||\u00a0\u00bb][et_pb_cta button_url=\u00a0\u00bb#\u00a0\u00bb _builder_version=\u00a0\u00bb4.24.2&Prime; header_font=\u00a0\u00bbGilda Display|700|||||||\u00a0\u00bb header_font_size=\u00a0\u00bb34px\u00a0\u00bb header_line_height=\u00a0\u00bb1.3em\u00a0\u00bb use_background_color=\u00a0\u00bboff\u00a0\u00bb custom_button=\u00a0\u00bbon\u00a0\u00bb button_text_size=\u00a0\u00bb18px\u00a0\u00bb button_text_color=\u00a0\u00bb#ffffff\u00a0\u00bb button_bg_color=\u00a0\u00bbrgba(175,56,98,0.45)\u00a0\u00bb button_bg_color_gradient_direction=\u00a0\u00bb190deg\u00a0\u00bb button_bg_color_gradient_stops=\u00a0\u00bbrgba(255,255,255,0) 0%|rgba(255,255,255,0.28) 100%\u00a0\u00bb button_bg_color_gradient_start=\u00a0\u00bbrgba(255,255,255,0)\u00a0\u00bb button_bg_color_gradient_end=\u00a0\u00bbrgba(255,255,255,0.28)\u00a0\u00bb button_border_width=\u00a0\u00bb8px\u00a0\u00bb button_border_color=\u00a0\u00bbrgba(0,0,0,0)\u00a0\u00bb button_border_radius=\u00a0\u00bb0px\u00a0\u00bb button_font=\u00a0\u00bbArimo|600|||||||\u00a0\u00bb button_use_icon=\u00a0\u00bboff\u00a0\u00bb custom_padding=\u00a0\u00bb160px|40px|100px|40px|false|true\u00a0\u00bb custom_padding_tablet=\u00a0\u00bb60px|||\u00a0\u00bb custom_padding_last_edited=\u00a0\u00bboff|desktop\u00a0\u00bb link_option_url=\u00a0\u00bbhttps:\/\/www.sites-touristiques-ariege.fr\/grotte-de-niaux\/\u00a0\u00bb header_font_size_tablet=\u00a0\u00bb26px\u00a0\u00bb header_font_size_phone=\u00a0\u00bb\u00a0\u00bb header_font_size_last_edited=\u00a0\u00bbon|tablet\u00a0\u00bb header_text_shadow_style=\u00a0\u00bbpreset3&Prime; border_radii=\u00a0\u00bbon|18px|18px|18px|18px\u00a0\u00bb locked=\u00a0\u00bboff\u00a0\u00bb global_colors_info=\u00a0\u00bb{}\u00a0\u00bb custom_padding__hover=\u00a0\u00bb70px||90px\u00a0\u00bb button_text_color__hover=\u00a0\u00bb#0f87ff\u00a0\u00bb button_bg_color__hover=\u00a0\u00bb#ffb238&Prime; button_bg_color__hover_enabled=\u00a0\u00bboff|desktop\u00a0\u00bb][\/et_pb_cta][\/et_pb_column][et_pb_column type=\u00a0\u00bb1_2&Prime; _builder_version=\u00a0\u00bb4.24.2&Prime; _module_preset=\u00a0\u00bbdefault\u00a0\u00bb background_image=\u00a0\u00bbhttps:\/\/www.les-gites-de-sylvie.com\/wp-content\/uploads\/2021\/09\/Grotte-de-Niaux-1.png\u00a0\u00bb border_radii=\u00a0\u00bbon|12px|12px|12px|12px\u00a0\u00bb global_colors_info=\u00a0\u00bb{}\u00a0\u00bb][et_pb_cta _builder_version=\u00a0\u00bb4.24.2&Prime; header_font=\u00a0\u00bbGilda Display|700|||||||\u00a0\u00bb header_font_size=\u00a0\u00bb34px\u00a0\u00bb header_line_height=\u00a0\u00bb1.3em\u00a0\u00bb use_background_color=\u00a0\u00bboff\u00a0\u00bb custom_button=\u00a0\u00bbon\u00a0\u00bb button_text_size=\u00a0\u00bb18px\u00a0\u00bb button_text_color=\u00a0\u00bb#ffffff\u00a0\u00bb button_bg_color=\u00a0\u00bbrgba(175,56,98,0.45)\u00a0\u00bb button_bg_color_gradient_direction=\u00a0\u00bb190deg\u00a0\u00bb button_bg_color_gradient_stops=\u00a0\u00bbrgba(255,255,255,0) 0%|rgba(255,255,255,0.28) 100%\u00a0\u00bb button_bg_color_gradient_start=\u00a0\u00bbrgba(255,255,255,0)\u00a0\u00bb button_bg_color_gradient_end=\u00a0\u00bbrgba(255,255,255,0.28)\u00a0\u00bb button_border_width=\u00a0\u00bb8px\u00a0\u00bb button_border_color=\u00a0\u00bbrgba(0,0,0,0)\u00a0\u00bb button_border_radius=\u00a0\u00bb0px\u00a0\u00bb button_font=\u00a0\u00bbArimo|600|||||||\u00a0\u00bb button_use_icon=\u00a0\u00bboff\u00a0\u00bb custom_padding=\u00a0\u00bb160px|40px|100px|40px|false|true\u00a0\u00bb custom_padding_tablet=\u00a0\u00bb60px|||\u00a0\u00bb custom_padding_last_edited=\u00a0\u00bboff|desktop\u00a0\u00bb link_option_url=\u00a0\u00bbhttps:\/\/www.sites-touristiques-ariege.fr\/chateau-de-foix\/\u00a0\u00bb header_font_size_tablet=\u00a0\u00bb26px\u00a0\u00bb header_font_size_phone=\u00a0\u00bb\u00a0\u00bb header_font_size_last_edited=\u00a0\u00bbon|tablet\u00a0\u00bb header_text_shadow_style=\u00a0\u00bbpreset3&Prime; border_radii=\u00a0\u00bbon|18px|18px|18px|18px\u00a0\u00bb locked=\u00a0\u00bboff\u00a0\u00bb global_colors_info=\u00a0\u00bb{}\u00a0\u00bb custom_padding__hover=\u00a0\u00bb70px||90px\u00a0\u00bb button_text_color__hover=\u00a0\u00bb#0f87ff\u00a0\u00bb button_bg_color__hover=\u00a0\u00bb#ffb238&Prime; button_bg_color__hover_enabled=\u00a0\u00bboff|desktop\u00a0\u00bb][\/et_pb_cta][\/et_pb_column][\/et_pb_row][et_pb_row _builder_version=\u00a0\u00bb4.23.1&Prime; _module_preset=\u00a0\u00bbdefault\u00a0\u00bb global_colors_info=\u00a0\u00bb{}\u00a0\u00bb][et_pb_column type=\u00a0\u00bb4_4&Prime; _builder_version=\u00a0\u00bb4.23.1&Prime; _module_preset=\u00a0\u00bbdefault\u00a0\u00bb global_colors_info=\u00a0\u00bb{}\u00a0\u00bb][et_pb_text _builder_version=\u00a0\u00bb4.24.0&Prime; _module_preset=\u00a0\u00bbdefault\u00a0\u00bb text_font=\u00a0\u00bbAdamina||||||||\u00a0\u00bb text_text_color=\u00a0\u00bb#c37691&Prime; header_font=\u00a0\u00bbGilda Display|700||on|||||\u00a0\u00bb header_text_align=\u00a0\u00bbcenter\u00a0\u00bb header_text_color=\u00a0\u00bb#a2335a\u00a0\u00bb header_font_size=\u00a0\u00bb32px\u00a0\u00bb header_letter_spacing=\u00a0\u00bb1px\u00a0\u00bb header_2_font=\u00a0\u00bbGilda Display||||||||\u00a0\u00bb custom_margin=\u00a0\u00bb||13px|||\u00a0\u00bb custom_padding=\u00a0\u00bb8px|||||\u00a0\u00bb global_colors_info=\u00a0\u00bb{}\u00a0\u00bb]<\/p>\n<h1>La grotte de lombrive\u00a0<\/h1>\n<p>[\/et_pb_text][et_pb_text _builder_version=\u00a0\u00bb4.24.2&Prime; _module_preset=\u00a0\u00bbdefault\u00a0\u00bb text_font=\u00a0\u00bbArimo||||||||\u00a0\u00bb text_text_color=\u00a0\u00bb#834624&Prime; text_font_size=\u00a0\u00bb15px\u00a0\u00bb text_orientation=\u00a0\u00bbcenter\u00a0\u00bb custom_margin=\u00a0\u00bb||||false|false\u00a0\u00bb global_colors_info=\u00a0\u00bb{}\u00a0\u00bb]<\/p>\n<p><span>D\u00e9couvrez la Grotte de Lombrives en Ari\u00e8ge, l&rsquo;une des plus vastes grottes d&rsquo;Europe. Explorez ses impressionnantes formations rocheuses, ses salles majestueuses et ses rivi\u00e8res souterraines. Plongez dans un monde souterrain fascinant o\u00f9 l&rsquo;histoire et la nature se rencontrent. Avec des visites guid\u00e9es disponibles, laissez-vous transporter dans les profondeurs de cette merveille g\u00e9ologique. Ne manquez pas cette exp\u00e9rience unique lors de votre s\u00e9jour en Ari\u00e8ge.<\/span><\/p>\n<p>&nbsp;<\/p>\n<p>[\/et_pb_text][\/et_pb_column][\/et_pb_row][et_pb_row column_structure=\u00a0\u00bb1_2,1_2&Prime; make_equal=\u00a0\u00bbon\u00a0\u00bb _builder_version=\u00a0\u00bb4.24.2&Prime; custom_padding=\u00a0\u00bb27px|0px|0|0px|false|false\u00a0\u00bb locked=\u00a0\u00bboff\u00a0\u00bb global_colors_info=\u00a0\u00bb{}\u00a0\u00bb][et_pb_column type=\u00a0\u00bb1_2&Prime; _builder_version=\u00a0\u00bb4.24.2&Prime; use_background_color_gradient=\u00a0\u00bbon\u00a0\u00bb background_color_gradient_stops=\u00a0\u00bbrgba(130,130,130,0.77) 0%|rgba(34,43,58,0.73) 100%\u00a0\u00bb background_color_gradient_start=\u00a0\u00bbrgba(130,130,130,0.77)\u00a0\u00bb background_color_gradient_end=\u00a0\u00bbrgba(34,43,58,0.73)\u00a0\u00bb background_image=\u00a0\u00bbhttps:\/\/www.les-gites-de-sylvie.com\/wp-content\/uploads\/2021\/10\/Grotte-de-Niaux-18.png\u00a0\u00bb custom_padding=\u00a0\u00bb|||\u00a0\u00bb border_radii=\u00a0\u00bbon|10px|10px|10px|10px\u00a0\u00bb global_colors_info=\u00a0\u00bb{}\u00a0\u00bb custom_padding__hover=\u00a0\u00bb|||\u00a0\u00bb][et_pb_cta button_url=\u00a0\u00bb#\u00a0\u00bb _builder_version=\u00a0\u00bb4.24.2&Prime; header_font=\u00a0\u00bbGilda Display|700|||||||\u00a0\u00bb header_font_size=\u00a0\u00bb34px\u00a0\u00bb header_line_height=\u00a0\u00bb1.3em\u00a0\u00bb use_background_color=\u00a0\u00bboff\u00a0\u00bb custom_button=\u00a0\u00bbon\u00a0\u00bb button_text_size=\u00a0\u00bb18px\u00a0\u00bb button_text_color=\u00a0\u00bb#ffffff\u00a0\u00bb button_bg_color=\u00a0\u00bbrgba(175,56,98,0.45)\u00a0\u00bb button_bg_color_gradient_direction=\u00a0\u00bb190deg\u00a0\u00bb button_bg_color_gradient_stops=\u00a0\u00bbrgba(255,255,255,0) 0%|rgba(255,255,255,0.28) 100%\u00a0\u00bb button_bg_color_gradient_start=\u00a0\u00bbrgba(255,255,255,0)\u00a0\u00bb button_bg_color_gradient_end=\u00a0\u00bbrgba(255,255,255,0.28)\u00a0\u00bb button_border_width=\u00a0\u00bb8px\u00a0\u00bb button_border_color=\u00a0\u00bbrgba(0,0,0,0)\u00a0\u00bb button_border_radius=\u00a0\u00bb0px\u00a0\u00bb button_font=\u00a0\u00bbArimo|600|||||||\u00a0\u00bb button_use_icon=\u00a0\u00bboff\u00a0\u00bb custom_padding=\u00a0\u00bb160px|40px|100px|40px|false|true\u00a0\u00bb custom_padding_tablet=\u00a0\u00bb60px|||\u00a0\u00bb custom_padding_last_edited=\u00a0\u00bboff|desktop\u00a0\u00bb link_option_url=\u00a0\u00bbhttps:\/\/www.sites-touristiques-ariege.fr\/parc-de-la-prehistoire\/\u00a0\u00bb header_font_size_tablet=\u00a0\u00bb26px\u00a0\u00bb header_font_size_phone=\u00a0\u00bb\u00a0\u00bb header_font_size_last_edited=\u00a0\u00bbon|tablet\u00a0\u00bb header_text_shadow_style=\u00a0\u00bbpreset3&Prime; border_radii=\u00a0\u00bbon|18px|18px|18px|18px\u00a0\u00bb locked=\u00a0\u00bboff\u00a0\u00bb global_colors_info=\u00a0\u00bb{}\u00a0\u00bb custom_padding__hover=\u00a0\u00bb70px||90px\u00a0\u00bb button_text_color__hover=\u00a0\u00bb#0f87ff\u00a0\u00bb button_bg_color__hover=\u00a0\u00bb#ffb238&Prime; button_bg_color__hover_enabled=\u00a0\u00bboff|desktop\u00a0\u00bb][\/et_pb_cta][\/et_pb_column][et_pb_column type=\u00a0\u00bb1_2&Prime; _builder_version=\u00a0\u00bb4.24.2&Prime; _module_preset=\u00a0\u00bbdefault\u00a0\u00bb background_image=\u00a0\u00bbhttps:\/\/www.les-gites-de-sylvie.com\/wp-content\/uploads\/2021\/09\/Grotte-de-Niaux-3.png\u00a0\u00bb border_radii=\u00a0\u00bbon|12px|12px|12px|12px\u00a0\u00bb global_colors_info=\u00a0\u00bb{}\u00a0\u00bb][\/et_pb_column][\/et_pb_row][\/et_pb_section][et_pb_section fb_built=\u00a0\u00bb1&Prime; fullwidth=\u00a0\u00bbon\u00a0\u00bb _builder_version=\u00a0\u00bb4.23.1&Prime; _module_preset=\u00a0\u00bbdefault\u00a0\u00bb global_colors_info=\u00a0\u00bb{}\u00a0\u00bb][et_pb_fullwidth_image src=\u00a0\u00bbhttps:\/\/www.les-gites-de-sylvie.com\/wp-content\/uploads\/2024\/02\/9c315c38-ad3e-4013-aeb5-8353b0beab71.jpeg\u00a0\u00bb alt=\u00a0\u00bbvisites culturelles\u00a0\u00bb title_text=\u00a0\u00bb9c315c38-ad3e-4013-aeb5-8353b0beab71&Prime; _builder_version=\u00a0\u00bb4.24.2&Prime; _module_preset=\u00a0\u00bbdefault\u00a0\u00bb global_colors_info=\u00a0\u00bb{}\u00a0\u00bb][\/et_pb_fullwidth_image][\/et_pb_section][et_pb_section fb_built=\u00a0\u00bb1&Prime; admin_label=\u00a0\u00bbOffers\u00a0\u00bb _builder_version=\u00a0\u00bb4.23.1&Prime; custom_padding=\u00a0\u00bb||1px||false|false\u00a0\u00bb locked=\u00a0\u00bboff\u00a0\u00bb global_colors_info=\u00a0\u00bb{}\u00a0\u00bb][et_pb_row column_structure=\u00a0\u00bb1_2,1_2&Prime; _builder_version=\u00a0\u00bb4.24.0&Prime; _module_preset=\u00a0\u00bbdefault\u00a0\u00bb global_colors_info=\u00a0\u00bb{}\u00a0\u00bb][et_pb_column type=\u00a0\u00bb1_2&Prime; _builder_version=\u00a0\u00bb4.24.0&Prime; _module_preset=\u00a0\u00bbdefault\u00a0\u00bb global_colors_info=\u00a0\u00bb{}\u00a0\u00bb][et_pb_button button_url=\u00a0\u00bbhttps:\/\/www.les-gites-de-sylvie.com\/index.php\/location-ariege-la-riviere-chantante\/\u00a0\u00bb button_text=\u00a0\u00bbD\u00e9couvrir nos gites\u00a0\u00bb button_alignment=\u00a0\u00bbcenter\u00a0\u00bb _builder_version=\u00a0\u00bb4.24.0&Prime; custom_button=\u00a0\u00bbon\u00a0\u00bb button_text_size=\u00a0\u00bb15px\u00a0\u00bb button_text_color=\u00a0\u00bb#ffffff\u00a0\u00bb button_bg_color=\u00a0\u00bb#c2a58d\u00a0\u00bb button_bg_use_color_gradient=\u00a0\u00bbon\u00a0\u00bb button_bg_color_gradient_direction=\u00a0\u00bb190deg\u00a0\u00bb button_bg_color_gradient_stops=\u00a0\u00bbrgba(255,255,255,0) 0%|rgba(255,255,255,0.28) 100%\u00a0\u00bb button_bg_color_gradient_start=\u00a0\u00bbrgba(255,255,255,0)\u00a0\u00bb button_bg_color_gradient_end=\u00a0\u00bbrgba(255,255,255,0.28)\u00a0\u00bb button_border_width=\u00a0\u00bb0px\u00a0\u00bb button_border_radius=\u00a0\u00bb0px\u00a0\u00bb button_font=\u00a0\u00bbArimo|600|||||||\u00a0\u00bb button_use_icon=\u00a0\u00bboff\u00a0\u00bb transform_scale=\u00a0\u00bb104%|104%\u00a0\u00bb custom_margin=\u00a0\u00bb|||||false\u00a0\u00bb custom_padding=\u00a0\u00bb18px|40px|18px|40px|true|true\u00a0\u00bb box_shadow_style=\u00a0\u00bbpreset3&Prime; box_shadow_vertical=\u00a0\u00bb20px\u00a0\u00bb box_shadow_blur=\u00a0\u00bb60px\u00a0\u00bb box_shadow_spread=\u00a0\u00bb-15px\u00a0\u00bb box_shadow_color=\u00a0\u00bbrgba(0,31,99,0.79)\u00a0\u00bb locked=\u00a0\u00bboff\u00a0\u00bb global_colors_info=\u00a0\u00bb{}\u00a0\u00bb button_bg_color__hover_enabled=\u00a0\u00bboff|desktop\u00a0\u00bb button_bg_color__hover=\u00a0\u00bb#ffffff\u00a0\u00bb button_text_color__hover_enabled=\u00a0\u00bboff|desktop\u00a0\u00bb button_text_color__hover=\u00a0\u00bb#0f87ff\u00a0\u00bb][\/et_pb_button][\/et_pb_column][et_pb_column type=\u00a0\u00bb1_2&Prime; _builder_version=\u00a0\u00bb4.24.0&Prime; _module_preset=\u00a0\u00bbdefault\u00a0\u00bb global_colors_info=\u00a0\u00bb{}\u00a0\u00bb][et_pb_button button_url=\u00a0\u00bbhttps:\/\/www.ariegepyrenees.com\/\u00a0\u00bb button_text=\u00a0\u00bbD\u00e9couvrir l&rsquo;Ari\u00e8ge\u00a0\u00bb button_alignment=\u00a0\u00bbcenter\u00a0\u00bb _builder_version=\u00a0\u00bb4.24.0&Prime; custom_button=\u00a0\u00bbon\u00a0\u00bb button_text_size=\u00a0\u00bb15px\u00a0\u00bb button_text_color=\u00a0\u00bb#ffffff\u00a0\u00bb button_bg_color=\u00a0\u00bb#c2a58d\u00a0\u00bb button_bg_use_color_gradient=\u00a0\u00bbon\u00a0\u00bb button_bg_color_gradient_direction=\u00a0\u00bb190deg\u00a0\u00bb button_bg_color_gradient_stops=\u00a0\u00bbrgba(255,255,255,0) 0%|rgba(255,255,255,0.28) 100%\u00a0\u00bb button_bg_color_gradient_start=\u00a0\u00bbrgba(255,255,255,0)\u00a0\u00bb button_bg_color_gradient_end=\u00a0\u00bbrgba(255,255,255,0.28)\u00a0\u00bb button_border_width=\u00a0\u00bb0px\u00a0\u00bb button_border_radius=\u00a0\u00bb0px\u00a0\u00bb button_font=\u00a0\u00bbArimo|600|||||||\u00a0\u00bb button_use_icon=\u00a0\u00bboff\u00a0\u00bb transform_scale=\u00a0\u00bb104%|104%\u00a0\u00bb custom_margin=\u00a0\u00bb|||||false\u00a0\u00bb custom_padding=\u00a0\u00bb18px|40px|18px|40px|true|true\u00a0\u00bb box_shadow_style=\u00a0\u00bbpreset3&Prime; box_shadow_vertical=\u00a0\u00bb20px\u00a0\u00bb box_shadow_blur=\u00a0\u00bb60px\u00a0\u00bb box_shadow_spread=\u00a0\u00bb-15px\u00a0\u00bb box_shadow_color=\u00a0\u00bbrgba(0,31,99,0.79)\u00a0\u00bb locked=\u00a0\u00bboff\u00a0\u00bb global_colors_info=\u00a0\u00bb{}\u00a0\u00bb button_bg_color__hover_enabled=\u00a0\u00bboff|desktop\u00a0\u00bb button_bg_color__hover=\u00a0\u00bb#ffffff\u00a0\u00bb button_text_color__hover_enabled=\u00a0\u00bboff|desktop\u00a0\u00bb button_text_color__hover=\u00a0\u00bb#0f87ff\u00a0\u00bb][\/et_pb_button][\/et_pb_column][\/et_pb_row][\/et_pb_section][et_pb_section fb_built=\u00a0\u00bb1&Prime; admin_label=\u00a0\u00bbAbout\u00a0\u00bb _builder_version=\u00a0\u00bb4.24.0&Prime; custom_margin=\u00a0\u00bb0px|0px|0px|0px|false|false\u00a0\u00bb custom_padding=\u00a0\u00bb0px|0px|0px|0px|false|false\u00a0\u00bb global_colors_info=\u00a0\u00bb{}\u00a0\u00bb][et_pb_row column_structure=\u00a0\u00bb1_2,1_2&Prime; _builder_version=\u00a0\u00bb4.23.1&Prime; custom_margin=\u00a0\u00bb|auto||auto|false|false\u00a0\u00bb global_colors_info=\u00a0\u00bb{}\u00a0\u00bb][et_pb_column type=\u00a0\u00bb1_2&Prime; _builder_version=\u00a0\u00bb4.23.1&Prime; custom_padding=\u00a0\u00bb0px|0px|0px|0px|false|false\u00a0\u00bb global_colors_info=\u00a0\u00bb{}\u00a0\u00bb custom_padding__hover=\u00a0\u00bb|||\u00a0\u00bb][et_pb_text _builder_version=\u00a0\u00bb4.24.0&Prime; _module_preset=\u00a0\u00bbdefault\u00a0\u00bb text_font=\u00a0\u00bbAdamina||||||||\u00a0\u00bb text_text_color=\u00a0\u00bb#c37691&Prime; header_font=\u00a0\u00bbGilda Display|700||on|||||\u00a0\u00bb header_text_align=\u00a0\u00bbcenter\u00a0\u00bb header_text_color=\u00a0\u00bb#a2335a\u00a0\u00bb header_font_size=\u00a0\u00bb32px\u00a0\u00bb header_letter_spacing=\u00a0\u00bb1px\u00a0\u00bb header_2_font=\u00a0\u00bbGilda Display||||||||\u00a0\u00bb global_colors_info=\u00a0\u00bb{}\u00a0\u00bb]<\/p>\n<h1>venir sans la voiture en ari\u00e8ge<\/h1>\n<p>[\/et_pb_text][et_pb_text _builder_version=\u00a0\u00bb4.24.0&Prime; text_font=\u00a0\u00bbArimo||||||||\u00a0\u00bb text_text_color=\u00a0\u00bb#834624&Prime; text_line_height=\u00a0\u00bb2em\u00a0\u00bb header_font=\u00a0\u00bbGilda Display||||||||\u00a0\u00bb header_text_color=\u00a0\u00bb#af3862&Prime; header_font_size=\u00a0\u00bb51px\u00a0\u00bb header_2_font=\u00a0\u00bbGilda Display||||||||\u00a0\u00bb header_2_text_color=\u00a0\u00bb#af3862&Prime; header_2_font_size=\u00a0\u00bb60px\u00a0\u00bb header_2_line_height=\u00a0\u00bb1.2em\u00a0\u00bb max_width=\u00a0\u00bb550px\u00a0\u00bb header_2_font_size_tablet=\u00a0\u00bb40px\u00a0\u00bb header_2_font_size_phone=\u00a0\u00bb30px\u00a0\u00bb header_2_font_size_last_edited=\u00a0\u00bbon|phone\u00a0\u00bb locked=\u00a0\u00bboff\u00a0\u00bb global_colors_info=\u00a0\u00bb{}\u00a0\u00bb]<\/p>\n<h1>En train<\/h1>\n<p>Il y a la ligne TER Toulouse\/Latour-de-Carol et les liaisons directes r\u00e9guli\u00e8res toute l\u2019ann\u00e9e depuis Paris\/Austerlitz en<span>\u00a0<\/span><a href=\"https:\/\/www.sncf-connect.com\/article\/5-destinations-desservies-par-le-train-de-nuit#ancre5\">train de nuit<\/a>. Les diff\u00e9rentes Gares SNCF dans les Pyr\u00e9n\u00e9es Ari\u00e9geoises sont : Tarascon-sur-Ari\u00e8ge, Les Cabannes, Luzenac, Ax-Les-Thermes, M\u00e9rens-les-Vals, Hospitalet-pr\u00e9s-l\u2019Andorre.<\/p>\n<p>R\u00e9servation :<span>\u00a0<\/span><a href=\"http:\/\/www.voyages-sncf.com\/\">www.voyages-sncf.com<\/a><\/p>\n<p>Informations :<span>\u00a0<\/span><a href=\"https:\/\/www.ter.sncf.com\/occitanie\">www.ter.sncf.com\/occitanie<\/a><\/p>\n<p><a href=\"https:\/\/www.ter.sncf.com\/occitanie\/marque-grise\">Rechercher un billet<\/a><\/p>\n<p>Pour amplifier l\u2019envie de prendre le train, la R\u00e9gion Occitanie va plus loin apr\u00e8s le succ\u00e8s de son initiative pour le TER \u00e0 1euro. Maintenant ce tarif s\u2019applique tous les premiers week ends du mois tout au long de l\u2019ann\u00e9e.\u00a0<\/p>\n<ol>\n<li>De la gare de Tarascon sur Ari\u00e8ge pour vous rendre \u00e0 nos g\u00eetes vous pouvez prendre un taxi ou un UBER, ou prendre les bus de la r\u00e9gion.<\/li>\n<\/ol>\n<p>Pour information vous avez plusieurs possibilit\u00e9s pour r\u00e9server un taxi \u00e0 votre arriv\u00e9e \u00e0 Tarascon\/Ari\u00e8ge ou\u00a0 \u00e0 Foix:\u00a0\u00a0<\/p>\n<ol>\n<li>GENIE TAXI, Mr CHATAIN Guillaume 06.30.31.23.69<\/li>\n<li>TAXI CANAL-MENA 06.47.11.68.01 OU 06.07549759.<\/li>\n<\/ol>\n<p>[\/et_pb_text][et_pb_text _builder_version=\u00a0\u00bb4.24.0&Prime; text_font=\u00a0\u00bbArimo||||||||\u00a0\u00bb text_text_color=\u00a0\u00bb#834624&Prime; text_line_height=\u00a0\u00bb2em\u00a0\u00bb header_font=\u00a0\u00bb||||||||\u00a0\u00bb header_2_font=\u00a0\u00bbGilda Display||||||||\u00a0\u00bb header_2_text_color=\u00a0\u00bb#af3862&Prime; header_2_font_size=\u00a0\u00bb60px\u00a0\u00bb header_2_line_height=\u00a0\u00bb1.2em\u00a0\u00bb max_width=\u00a0\u00bb550px\u00a0\u00bb header_2_font_size_tablet=\u00a0\u00bb40px\u00a0\u00bb header_2_font_size_phone=\u00a0\u00bb30px\u00a0\u00bb header_2_font_size_last_edited=\u00a0\u00bbon|phone\u00a0\u00bb locked=\u00a0\u00bboff\u00a0\u00bb global_colors_info=\u00a0\u00bb{}\u00a0\u00bb]<\/p>\n<h2>En avion<\/h2>\n<p>Dans le cas o\u00f9 vous souhaiteriez vous d\u00e9placez par les airs. L<a href=\"https:\/\/www.toulouse.aeroport.fr\/\">\u2018A\u00e9roport de Toulouse-Blagnac<\/a><span>\u00a0<\/span>est \u00e0 1h de route de nos gites dans les Pyr\u00e9n\u00e9es Ari\u00e9geoises. Pour nous rejoindre, vous pouvez :<\/p>\n<ul>\n<li>\u00a0Louer une voiture \u00e0 l\u2019a\u00e9roport.<\/li>\n<li>Prendre la navette qui vous am\u00e8ne \u00e0 la gare SNCF Matabiau \u00e0 Toulouse, afin de prendre le train direction Tarascon-sur-Ari\u00e8ge.<\/li>\n<li>Ou prendre un covoiturage gr\u00e2ce \u00e0<span>\u00a0<\/span><a href=\"https:\/\/www.blablacar.fr\/\">BlaBlaCar.<\/a><\/li>\n<\/ul>\n<p>[\/et_pb_text][et_pb_blurb title=\u00a0\u00bbR\u00e9sidence du manoir \u00a0\u00bb use_icon=\u00a0\u00bbon\u00a0\u00bb font_icon=\u00a0\u00bb&#xe081;||divi||400&Prime; icon_color=\u00a0\u00bb#000000&Prime; image_icon_background_color=\u00a0\u00bbRGBA(255,255,255,0)\u00a0\u00bb icon_placement=\u00a0\u00bbleft\u00a0\u00bb image_icon_width=\u00a0\u00bb16px\u00a0\u00bb _builder_version=\u00a0\u00bb4.23.1&Prime; header_font=\u00a0\u00bb|600||on|||||\u00a0\u00bb header_font_size=\u00a0\u00bb14px\u00a0\u00bb header_letter_spacing=\u00a0\u00bb1px\u00a0\u00bb header_line_height=\u00a0\u00bb1.3em\u00a0\u00bb body_font=\u00a0\u00bb||||||||\u00a0\u00bb body_text_color=\u00a0\u00bb#834624&Prime; link_option_url=\u00a0\u00bb#\u00a0\u00bb icon_font_size=\u00a0\u00bb16px\u00a0\u00bb global_colors_info=\u00a0\u00bb{}\u00a0\u00bb icon_color__hover_enabled=\u00a0\u00bbon\u00a0\u00bb icon_color__hover=\u00a0\u00bb#ff5900&Prime;]<\/p>\n<p>Rond point du manoir,<\/p>\n<p>09 400 Ussat-les-bains<\/p>\n<p>[\/et_pb_blurb][\/et_pb_column][et_pb_column type=\u00a0\u00bb1_2&Prime; _builder_version=\u00a0\u00bb4.23.1&Prime; custom_padding=\u00a0\u00bb0px|0px|0px|0px|false|false\u00a0\u00bb global_colors_info=\u00a0\u00bb{}\u00a0\u00bb custom_padding__hover=\u00a0\u00bb|||\u00a0\u00bb][et_pb_image src=\u00a0\u00bbhttps:\/\/www.les-gites-de-sylvie.com\/wp-content\/uploads\/2023\/01\/Train_entrant_en_gare_de_Foix_sous_la_neige.jpg\u00a0\u00bb alt=\u00a0\u00bbAri\u00e8ge\u00a0\u00bb title_text=\u00a0\u00bbTrain_entrant_en_gare_de_Foix_sous_la_neige\u00a0\u00bb _builder_version=\u00a0\u00bb4.24.0&Prime; _module_preset=\u00a0\u00bbdefault\u00a0\u00bb global_colors_info=\u00a0\u00bb{}\u00a0\u00bb][\/et_pb_image][et_pb_image src=\u00a0\u00bbhttps:\/\/www.les-gites-de-sylvie.com\/wp-content\/uploads\/2022\/07\/pexels-vanessa-garcia-6324285-scaled.jpg\u00a0\u00bb alt=\u00a0\u00bbgite sylvie location ariege beille\u00a0\u00bb title_text=\u00a0\u00bbpexels-vanessa-garcia-6324285&Prime; disabled_on=\u00a0\u00bbon|on|off\u00a0\u00bb _builder_version=\u00a0\u00bb4.24.0&Prime; _module_preset=\u00a0\u00bbdefault\u00a0\u00bb global_colors_info=\u00a0\u00bb{}\u00a0\u00bb][\/et_pb_image][\/et_pb_column][\/et_pb_row][\/et_pb_section]<\/p>\n","protected":false},"excerpt":{"rendered":"<p>Les visites culturellesVISITES CULTURELLES EN Ari\u00e8ge Bienvenue en Ari\u00e8ge, un v\u00e9ritable tr\u00e9sor de visites culturelles, nich\u00e9 au c\u0153ur des Pyr\u00e9n\u00e9es ! Explorez un monde o\u00f9 l&rsquo;histoire se m\u00eale \u00e0 la beaut\u00e9 naturelle, o\u00f9 chaque coin r\u00e9v\u00e8le une nouvelle histoire fascinante \u00e0 d\u00e9couvrir. Commencez votre p\u00e9riple par la majestueuse grotte de Niaux, o\u00f9 les peintures rupestres [&hellip;]<\/p>\n","protected":false},"author":2,"featured_media":0,"parent":0,"menu_order":0,"comment_status":"closed","ping_status":"closed","template":"","meta":{"_et_pb_use_builder":"on","_et_pb_old_content":"","_et_gb_content_width":"","footnotes":""},"class_list":["post-8219","page","type-page","status-publish","hentry"],"yoast_head":"<!-- This site is optimized with the Yoast SEO plugin v27.4 - https:\/\/yoast.com\/product\/yoast-seo-wordpress\/ -->\n<title>Visites culturelles - Les Gites de Sylvie<\/title>\n<meta name=\"description\" content=\"Nous vous proposons de d\u00e9couvrir quelques visites culturelles \u00e0 r\u00e9aliser en Ari\u00e8ge. Il y en a pour tous les go\u00fbts.\" \/>\n<meta name=\"robots\" content=\"index, follow, max-snippet:-1, max-image-preview:large, max-video-preview:-1\" \/>\n<link rel=\"canonical\" href=\"https:\/\/www.les-gites-de-sylvie.com\/index.php\/les-visites-culturelles\/\" \/>\n<meta property=\"og:locale\" content=\"fr_FR\" \/>\n<meta property=\"og:type\" content=\"article\" \/>\n<meta property=\"og:title\" content=\"Visites culturelles - Les Gites de Sylvie\" \/>\n<meta property=\"og:description\" content=\"Nous vous proposons de d\u00e9couvrir quelques visites culturelles \u00e0 r\u00e9aliser en Ari\u00e8ge. Il y en a pour tous les go\u00fbts.\" \/>\n<meta property=\"og:url\" content=\"https:\/\/www.les-gites-de-sylvie.com\/index.php\/les-visites-culturelles\/\" \/>\n<meta property=\"og:site_name\" content=\"Gite Ari\u00e8ge Pyr\u00e9n\u00e9es - Location cure Ornolac-ussat les bains - &quot;Les gites de Sylvie&quot;\" \/>\n<meta property=\"article:modified_time\" content=\"2024-02-26T13:49:59+00:00\" \/>\n<meta name=\"twitter:card\" content=\"summary_large_image\" \/>\n<meta name=\"twitter:label1\" content=\"Dur\u00e9e de lecture estim\u00e9e\" \/>\n\t<meta name=\"twitter:data1\" content=\"3 minutes\" \/>\n<script type=\"application\/ld+json\" class=\"yoast-schema-graph\">{\"@context\":\"https:\\\/\\\/schema.org\",\"@graph\":[{\"@type\":\"WebPage\",\"@id\":\"https:\\\/\\\/www.les-gites-de-sylvie.com\\\/index.php\\\/les-visites-culturelles\\\/\",\"url\":\"https:\\\/\\\/www.les-gites-de-sylvie.com\\\/index.php\\\/les-visites-culturelles\\\/\",\"name\":\"Visites culturelles - Les Gites de Sylvie\",\"isPartOf\":{\"@id\":\"https:\\\/\\\/www.les-gites-de-sylvie.com\\\/#website\"},\"datePublished\":\"2024-02-26T13:36:47+00:00\",\"dateModified\":\"2024-02-26T13:49:59+00:00\",\"description\":\"Nous vous proposons de d\u00e9couvrir quelques visites culturelles \u00e0 r\u00e9aliser en Ari\u00e8ge. Il y en a pour tous les go\u00fbts.\",\"breadcrumb\":{\"@id\":\"https:\\\/\\\/www.les-gites-de-sylvie.com\\\/index.php\\\/les-visites-culturelles\\\/#breadcrumb\"},\"inLanguage\":\"fr-FR\",\"potentialAction\":[{\"@type\":\"ReadAction\",\"target\":[\"https:\\\/\\\/www.les-gites-de-sylvie.com\\\/index.php\\\/les-visites-culturelles\\\/\"]}]},{\"@type\":\"BreadcrumbList\",\"@id\":\"https:\\\/\\\/www.les-gites-de-sylvie.com\\\/index.php\\\/les-visites-culturelles\\\/#breadcrumb\",\"itemListElement\":[{\"@type\":\"ListItem\",\"position\":1,\"name\":\"Accueil\",\"item\":\"https:\\\/\\\/www.les-gites-de-sylvie.com\\\/\"},{\"@type\":\"ListItem\",\"position\":2,\"name\":\"Les visites culturelles\"}]},{\"@type\":\"WebSite\",\"@id\":\"https:\\\/\\\/www.les-gites-de-sylvie.com\\\/#website\",\"url\":\"https:\\\/\\\/www.les-gites-de-sylvie.com\\\/\",\"name\":\"Gite Ari\u00e8ge Pyr\u00e9n\u00e9es - Location cure Ornolac-ussat les bains - &quot;Les gites de Sylvie&quot;\",\"description\":\"\",\"publisher\":{\"@id\":\"https:\\\/\\\/www.les-gites-de-sylvie.com\\\/#organization\"},\"potentialAction\":[{\"@type\":\"SearchAction\",\"target\":{\"@type\":\"EntryPoint\",\"urlTemplate\":\"https:\\\/\\\/www.les-gites-de-sylvie.com\\\/?s={search_term_string}\"},\"query-input\":{\"@type\":\"PropertyValueSpecification\",\"valueRequired\":true,\"valueName\":\"search_term_string\"}}],\"inLanguage\":\"fr-FR\"},{\"@type\":\"Organization\",\"@id\":\"https:\\\/\\\/www.les-gites-de-sylvie.com\\\/#organization\",\"name\":\"Gite Ari\u00e8ge Pyr\u00e9n\u00e9es - Location cure Ornolac-ussat les bains - &quot;Les gites de Sylvie&quot;\",\"url\":\"https:\\\/\\\/www.les-gites-de-sylvie.com\\\/\",\"logo\":{\"@type\":\"ImageObject\",\"inLanguage\":\"fr-FR\",\"@id\":\"https:\\\/\\\/www.les-gites-de-sylvie.com\\\/#\\\/schema\\\/logo\\\/image\\\/\",\"url\":\"https:\\\/\\\/www.les-gites-de-sylvie.com\\\/wp-content\\\/uploads\\\/2022\\\/09\\\/cropped-LOGO-2560X2560-2-1.png\",\"contentUrl\":\"https:\\\/\\\/www.les-gites-de-sylvie.com\\\/wp-content\\\/uploads\\\/2022\\\/09\\\/cropped-LOGO-2560X2560-2-1.png\",\"width\":2560,\"height\":1918,\"caption\":\"Gite Ari\u00e8ge Pyr\u00e9n\u00e9es - Location cure Ornolac-ussat les bains - &quot;Les gites de Sylvie&quot;\"},\"image\":{\"@id\":\"https:\\\/\\\/www.les-gites-de-sylvie.com\\\/#\\\/schema\\\/logo\\\/image\\\/\"}}]}<\/script>\n<!-- \/ Yoast SEO plugin. -->","yoast_head_json":{"title":"Visites culturelles - Les Gites de Sylvie","description":"Nous vous proposons de d\u00e9couvrir quelques visites culturelles \u00e0 r\u00e9aliser en Ari\u00e8ge. Il y en a pour tous les go\u00fbts.","robots":{"index":"index","follow":"follow","max-snippet":"max-snippet:-1","max-image-preview":"max-image-preview:large","max-video-preview":"max-video-preview:-1"},"canonical":"https:\/\/www.les-gites-de-sylvie.com\/index.php\/les-visites-culturelles\/","og_locale":"fr_FR","og_type":"article","og_title":"Visites culturelles - Les Gites de Sylvie","og_description":"Nous vous proposons de d\u00e9couvrir quelques visites culturelles \u00e0 r\u00e9aliser en Ari\u00e8ge. Il y en a pour tous les go\u00fbts.","og_url":"https:\/\/www.les-gites-de-sylvie.com\/index.php\/les-visites-culturelles\/","og_site_name":"Gite Ari\u00e8ge Pyr\u00e9n\u00e9es - Location cure Ornolac-ussat les bains - &quot;Les gites de Sylvie&quot;","article_modified_time":"2024-02-26T13:49:59+00:00","twitter_card":"summary_large_image","twitter_misc":{"Dur\u00e9e de lecture estim\u00e9e":"3 minutes"},"schema":{"@context":"https:\/\/schema.org","@graph":[{"@type":"WebPage","@id":"https:\/\/www.les-gites-de-sylvie.com\/index.php\/les-visites-culturelles\/","url":"https:\/\/www.les-gites-de-sylvie.com\/index.php\/les-visites-culturelles\/","name":"Visites culturelles - Les Gites de Sylvie","isPartOf":{"@id":"https:\/\/www.les-gites-de-sylvie.com\/#website"},"datePublished":"2024-02-26T13:36:47+00:00","dateModified":"2024-02-26T13:49:59+00:00","description":"Nous vous proposons de d\u00e9couvrir quelques visites culturelles \u00e0 r\u00e9aliser en Ari\u00e8ge. Il y en a pour tous les go\u00fbts.","breadcrumb":{"@id":"https:\/\/www.les-gites-de-sylvie.com\/index.php\/les-visites-culturelles\/#breadcrumb"},"inLanguage":"fr-FR","potentialAction":[{"@type":"ReadAction","target":["https:\/\/www.les-gites-de-sylvie.com\/index.php\/les-visites-culturelles\/"]}]},{"@type":"BreadcrumbList","@id":"https:\/\/www.les-gites-de-sylvie.com\/index.php\/les-visites-culturelles\/#breadcrumb","itemListElement":[{"@type":"ListItem","position":1,"name":"Accueil","item":"https:\/\/www.les-gites-de-sylvie.com\/"},{"@type":"ListItem","position":2,"name":"Les visites culturelles"}]},{"@type":"WebSite","@id":"https:\/\/www.les-gites-de-sylvie.com\/#website","url":"https:\/\/www.les-gites-de-sylvie.com\/","name":"Gite Ari\u00e8ge Pyr\u00e9n\u00e9es - Location cure Ornolac-ussat les bains - &quot;Les gites de Sylvie&quot;","description":"","publisher":{"@id":"https:\/\/www.les-gites-de-sylvie.com\/#organization"},"potentialAction":[{"@type":"SearchAction","target":{"@type":"EntryPoint","urlTemplate":"https:\/\/www.les-gites-de-sylvie.com\/?s={search_term_string}"},"query-input":{"@type":"PropertyValueSpecification","valueRequired":true,"valueName":"search_term_string"}}],"inLanguage":"fr-FR"},{"@type":"Organization","@id":"https:\/\/www.les-gites-de-sylvie.com\/#organization","name":"Gite Ari\u00e8ge Pyr\u00e9n\u00e9es - Location cure Ornolac-ussat les bains - &quot;Les gites de Sylvie&quot;","url":"https:\/\/www.les-gites-de-sylvie.com\/","logo":{"@type":"ImageObject","inLanguage":"fr-FR","@id":"https:\/\/www.les-gites-de-sylvie.com\/#\/schema\/logo\/image\/","url":"https:\/\/www.les-gites-de-sylvie.com\/wp-content\/uploads\/2022\/09\/cropped-LOGO-2560X2560-2-1.png","contentUrl":"https:\/\/www.les-gites-de-sylvie.com\/wp-content\/uploads\/2022\/09\/cropped-LOGO-2560X2560-2-1.png","width":2560,"height":1918,"caption":"Gite Ari\u00e8ge Pyr\u00e9n\u00e9es - Location cure Ornolac-ussat les bains - &quot;Les gites de Sylvie&quot;"},"image":{"@id":"https:\/\/www.les-gites-de-sylvie.com\/#\/schema\/logo\/image\/"}}]}},"_links":{"self":[{"href":"https:\/\/www.les-gites-de-sylvie.com\/index.php\/wp-json\/wp\/v2\/pages\/8219","targetHints":{"allow":["GET"]}}],"collection":[{"href":"https:\/\/www.les-gites-de-sylvie.com\/index.php\/wp-json\/wp\/v2\/pages"}],"about":[{"href":"https:\/\/www.les-gites-de-sylvie.com\/index.php\/wp-json\/wp\/v2\/types\/page"}],"author":[{"embeddable":true,"href":"https:\/\/www.les-gites-de-sylvie.com\/index.php\/wp-json\/wp\/v2\/users\/2"}],"replies":[{"embeddable":true,"href":"https:\/\/www.les-gites-de-sylvie.com\/index.php\/wp-json\/wp\/v2\/comments?post=8219"}],"version-history":[{"count":14,"href":"https:\/\/www.les-gites-de-sylvie.com\/index.php\/wp-json\/wp\/v2\/pages\/8219\/revisions"}],"predecessor-version":[{"id":8248,"href":"https:\/\/www.les-gites-de-sylvie.com\/index.php\/wp-json\/wp\/v2\/pages\/8219\/revisions\/8248"}],"wp:attachment":[{"href":"https:\/\/www.les-gites-de-sylvie.com\/index.php\/wp-json\/wp\/v2\/media?parent=8219"}],"curies":[{"name":"wp","href":"https:\/\/api.w.org\/{rel}","templated":true}]}}